{"id":3798,"date":"2019-08-15T19:12:53","date_gmt":"2019-08-15T17:12:53","guid":{"rendered":"http:\/\/www.3zwanzig.de\/abenteuerfabrik\/?page_id=3798"},"modified":"2019-10-05T11:08:44","modified_gmt":"2019-10-05T09:08:44","slug":"musik","status":"publish","type":"page","link":"https:\/\/www.3zwanzig.de\/abenteuerfabrik\/musik\/","title":{"rendered":"Musik"},"content":{"rendered":"<div class=\"wpb-content-wrapper\"><p>[vc_section][vc_row][vc_column][vc_row_inner][vc_column_inner width=&#8220;1\/2&#8243;][lab_heading title=&#8220;Auftragskomposition&#8220;][\/lab_heading][vc_column_text]<\/p>\n<p style=\"text-align: justify;\"><span style=\"font-size: 12pt;\"><strong>Jukebox * W\u00fcnsch dir was<\/strong><br \/>\nIn der Abenteuerfabrik sind bereits \u00fcber 300 Lieder f\u00fcr Kinder und Erwachsene entstanden. Wir haben unterschiedlichste Musikrichtungen im Repertoire, z.B. Musical, Singer\/Songwriter und Pop\/Rock (dt.\/engl.). Wir texten und komponieren oder erwecken Ihren vorgegebenen Text zum musikalischen Leben.\u00a0<\/span><\/p>\n<p style=\"text-align: justify;\"><span style=\"font-size: 12pt;\"><strong>Musik macht gl\u00fccklich.<\/strong><\/span><br \/>\n<span style=\"font-size: 12pt;\">Musik pr\u00e4gt und ber\u00fchrt, fasziniert und verbindet.<\/span><br \/>\n<span style=\"font-size: 12pt;\">Musikalisch verpackte Botschaften fliegen ins Ohr,<\/span><br \/>\n<span style=\"font-size: 12pt;\">wirken im Gehirn und haben den unmittelbaren Zugang zur Emotion.<\/span><\/p>\n<p style=\"text-align: justify;\"><span style=\"font-size: 12pt;\"><strong>Repertoire<\/strong><\/span><\/p>\n<ul style=\"list-style-type: square; text-align: justify;\">\n<li><span style=\"font-size: 12pt;\">Image-Song<\/span><\/li>\n<li><span style=\"font-size: 12pt;\">Kinderlied<\/span><\/li>\n<li><span style=\"font-size: 12pt;\">Musical (Kinder)<\/span><\/li>\n<li><span style=\"font-size: 12pt;\">Musical (Erwachsene)<\/span><\/li>\n<li><span style=\"font-size: 12pt;\">Jingle<\/span><\/li>\n<li><span style=\"font-size: 12pt;\">Werbung<\/span><\/li>\n<li><span style=\"font-size: 12pt;\">Pop-Song<\/span><\/li>\n<li><span style=\"font-size: 12pt;\">Rock-Song<\/span><\/li>\n<li><span style=\"font-size: 12pt;\">Schlager<\/span><\/li>\n<li><span style=\"font-size: 12pt;\">Singer-Songwriter<\/span><\/li>\n<\/ul>\n<p>[\/vc_column_text][vc_column_text]<\/p>\n<p style=\"text-align: justify;\"><span style=\"color: #003366; font-size: 12pt;\">GOOD NEWS <\/span><\/p>\n<p style=\"text-align: justify;\"><span style=\"color: #003366; font-size: 12pt;\"><em>&#8222;Heute hab ich meine Zeitung gefragt, ob sie f\u00fcr mich nicht mal was Lustiges zu lesen hat.<span style=\"color: #003366;\">\u00a0Ich k\u00f6nnte schw\u00f6ren, sie hat mich angelacht und dann hat sie ein trauriges Gesicht gemacht &#8230;&#8220;<\/span><\/em><\/span><\/p>\n<p style=\"text-align: justify;\"><span style=\"color: #003366; font-size: 10pt;\"><span style=\"color: #003366;\">(C. Kanik \/ CD Immer du)<\/span><\/span><\/p>\n<span class=\"image-placeholder video\" style=\"padding-bottom:18.75000000%\"><audio controls class=\"video-js-el vjs-default-skin wp-audio-shortcode\" src muted=\"false\" preload=\"auto\" style=\"width: 100%;\" data-vsetup=\"[]\" width=\"16\" height=\"3\"><source type=\"audio\/mpeg\" src=\"https:\/\/www.abenteuerfabrik.de\/wp-content\/uploads\/sites\/17\/03-Good-News.mp3?_=1\" \/><\/audio><\/span>\n<p>[\/vc_column_text][\/vc_column_inner][vc_column_inner width=&#8220;1\/2&#8243;][lab_heading title=&#8220;Music was my first love&#8220;][\/lab_heading][vc_single_image image=&#8220;3972&#8243; img_size=&#8220;large&#8220; alignment=&#8220;right&#8220; style=&#8220;vc_box_rounded&#8220; css_animation=&#8220;appear&#8220;][\/vc_column_inner][\/vc_row_inner][\/vc_column][\/vc_row][vc_row equal_height=&#8220;yes&#8220;][vc_column width=&#8220;1\/3&#8243;][vc_video link=&#8220;https:\/\/youtu.be\/i1v3xoa7Znc&#8220; title=&#8220;Kinderlied&#8220;][vc_column_text]<\/p>\n<ul style=\"list-style-type: square;\">\n<li><span style=\"font-size: 12pt;\"><strong>Komposition<\/strong><\/span><\/li>\n<li><span style=\"font-size: 12pt;\"><strong>Audio- und Videoproduktion<\/strong><\/span><\/li>\n<\/ul>\n<p style=\"text-align: left;\"><span style=\"font-size: 12pt;\">Neuvertonung des Textes von Irmela Brender\u00a0&#8222;Ich bin ich und du bist du. Wenn ich rede, h\u00f6rst du zu.&#8220; Der Text ist in vielen Grundschulen Unterrichtsbestandteil.<\/span><\/p>\n<p>[\/vc_column_text][\/vc_column][vc_column width=&#8220;1\/3&#8243;][vc_video link=&#8220;https:\/\/youtu.be\/DtkHItHp-uI&#8220; title=&#8220;Image-Song&#8220;][vc_column_text]<\/p>\n<ul>\n<li><strong><span style=\"font-size: 12pt;\">Text, Komposition<\/span><\/strong><\/li>\n<li><strong><span style=\"font-size: 12pt;\">Audio- und Videoproduktion<\/span><\/strong><\/li>\n<\/ul>\n<p><span style=\"font-size: 12pt;\">Das Lied entstand f\u00fcr fahrgemeinschaft.de, eine der\u00a0gr\u00f6\u00dften kostenfreien Mitfahrzentralen in Deutschland. Im Video wird erkl\u00e4rt, wie das gemeinschaftliche Mitfahren funktioniert.<\/span>[\/vc_column_text][\/vc_column][vc_column width=&#8220;1\/3&#8243;][vc_video link=&#8220;https:\/\/youtu.be\/tNgCB3iYnio&#8220; title=&#8220;Rock\/Pop&#8220;][vc_column_text]<\/p>\n<ul>\n<li><span style=\"font-size: 12pt;\"><strong>Text, Komposition<\/strong><\/span><\/li>\n<li><span style=\"font-size: 12pt;\"><strong>Audio- und Videoproduktion<\/strong><\/span><\/li>\n<\/ul>\n<p><span style=\"font-size: 12pt;\">Die ehemalige Dresdner Band\u00a0<\/span><strong>3zwanzig\u00a0<\/strong><span style=\"font-size: 12pt;\">um S\u00e4ngerin Conny Kanik tobte f\u00fcr einige Jahre durch den Musikdschungel.<\/span>[\/vc_column_text][\/vc_column][\/vc_row][vc_row][vc_column width=&#8220;1\/3&#8243;][vc_column_text]<\/p>\n<p style=\"text-align: left;\"><span style=\"font-size: 12pt;\"><strong>Videodreh<\/strong><br \/>\nGedreht wurde 2019 in einer Kita in Aue mit Vorsch\u00fclern und Hortkinder. Auch das Drehteam von <a href=\"https:\/\/www.ekr-designz.com\" target=\"_blank\" rel=\"noopener noreferrer\">EKR.Designz<\/a>\u00a0st\u00fcrzte sich mutig die Rutsche hinunter.\u00a0<\/span><\/p>\n<p>[\/vc_column_text][\/vc_column][vc_column width=&#8220;1\/3&#8243;][vc_column_text]<strong>Video<\/strong><br \/>\nGedreht wurde in und um Jena mit dem Team von <a href=\"http:\/\/drehrausch.de\" target=\"_blank\" rel=\"noopener noreferrer\">Drehrausch<\/a>. Auch ein Auto der Abenteuerfabrik durfte mitspielen. Wir fahren \u00fcbrigens Volvo.[\/vc_column_text][\/vc_column][vc_column width=&#8220;1\/3&#8243;][vc_column_text]<span style=\"font-size: 12pt;\"><strong>Video<\/strong><\/span><br \/>\n<span style=\"font-size: 12pt;\">Gedreht wurde im Kino in der Fabrik in Dresden (KIF). Die Choreografie \u00fcbernahm <a href=\"https:\/\/www.nicolewiesecompany.de\" target=\"_blank\" rel=\"noopener noreferrer\">Nicole Wiese<\/a>.<\/span>[\/vc_column_text][\/vc_column][\/vc_row][vc_row][vc_column][vc_row_inner][vc_column_inner width=&#8220;1\/2&#8243;][lab_heading title=&#8220;Musical&#8220;][\/lab_heading][vc_single_image image=&#8220;3967&#8243; img_size=&#8220;full&#8220;][vc_column_text]<b>Am Abend<\/b><\/p>\n<table style=\"border-collapse: collapse; width: 100%;\">\n<tbody>\n<tr>\n<td style=\"width: 50%;\">Text<\/td>\n<td style=\"width: 50%;\">Paul Gerhardt<\/td>\n<\/tr>\n<tr>\n<td style=\"width: 50%;\">Melodie<\/td>\n<td style=\"width: 50%;\">Conny Kanik<\/td>\n<\/tr>\n<tr>\n<td style=\"width: 50%;\">Arrangement<\/td>\n<td style=\"width: 50%;\">C. Kanik + Harzsch\u00fctzen-Band<\/td>\n<\/tr>\n<tr>\n<td style=\"width: 50%;\">Gesang<\/td>\n<td style=\"width: 50%;\">Christoph Mangel<\/td>\n<\/tr>\n<\/tbody>\n<\/table>\n<p>[\/vc_column_text][vc_column_text]<\/p>\n<span class=\"image-placeholder video\" style=\"padding-bottom:18.75000000%\"><audio controls class=\"video-js-el vjs-default-skin wp-audio-shortcode\" src muted=\"false\" preload=\"auto\" style=\"width: 100%;\" data-vsetup=\"[]\" width=\"16\" height=\"3\"><source type=\"audio\/mpeg\" src=\"https:\/\/www.abenteuerfabrik.de\/wp-content\/uploads\/sites\/17\/Am-Abend-Harzsch\u00fctzen.mp3?_=2\" \/><\/audio><\/span>\n<p>[\/vc_column_text][\/vc_column_inner][vc_column_inner width=&#8220;1\/2&#8243;][lab_heading title=&#8220;Image Song&#8220;][\/lab_heading][vc_single_image image=&#8220;3966&#8243; img_size=&#8220;full&#8220;][vc_column_text]<strong>Ich zeig dir meine Stadt<\/strong><\/p>\n<table style=\"border-collapse: collapse; width: 100%;\">\n<tbody>\n<tr>\n<td style=\"width: 50%;\">Text &amp; Musik<\/td>\n<td style=\"width: 50%;\">Conny Kanik<\/td>\n<\/tr>\n<tr>\n<td style=\"width: 50%;\">Gesang<\/td>\n<td style=\"width: 50%;\">Conny Kanik<\/td>\n<\/tr>\n<tr>\n<td style=\"width: 50%;\">Arrangement<\/td>\n<td style=\"width: 50%;\">Markus Zimmermann<\/td>\n<\/tr>\n<tr>\n<td style=\"width: 50%;\">Studio<\/td>\n<td style=\"width: 50%;\">AMI Production Jens Eisbein<\/td>\n<\/tr>\n<\/tbody>\n<\/table>\n<p>[\/vc_column_text][vc_column_text]<\/p>\n<span class=\"image-placeholder video\" style=\"padding-bottom:18.75000000%\"><audio controls class=\"video-js-el vjs-default-skin wp-audio-shortcode\" src muted=\"false\" preload=\"auto\" style=\"width: 100%;\" data-vsetup=\"[]\" width=\"16\" height=\"3\"><source type=\"audio\/mpeg\" src=\"https:\/\/www.abenteuerfabrik.de\/wp-content\/uploads\/sites\/17\/Kinderstadtrundfahrt.mp3?_=3\" \/><\/audio><\/span>\n<p>[\/vc_column_text][vc_column_text][\/vc_column_text][\/vc_column_inner][\/vc_row_inner][vc_row_inner equal_height=&#8220;yes&#8220;][vc_column_inner width=&#8220;1\/2&#8243;][vc_column_text]<strong>Leistung<\/strong><br \/>\nKomposition, Studio- und B\u00fchnen-Regie<br \/>\nProduktion: Manthey Event GmbH<\/p>\n<p><strong>Das Rocksical \u201cDie Harzsch\u00fctzen\u201d<\/strong> feierte in Zusammenarbeit mit der Harzer Schmalspurbahnen GmbH (HSB) in Harzgerode seine Premiere (2008) und wurde sp\u00e4ter auch im Stolberger Schlosshof aufgef\u00fchrt.<\/p>\n<p><strong>Anno 1625.<\/strong> In ganz Deutschland tobt der 30-j\u00e4hrige Krieg. \u201eFeuer, Pest und Tod\u201c treiben die geknechtete Bev\u00f6lkerung in die verwunschenen W\u00e4lder des Harzes, die Schutz vor den marodierenden S\u00f6ldnertruppen und lokalen Adligen bieten. Erz\u00e4hlt wird die\u00a0Geschichte der Ausgesto\u00dfenen, die zu tapferen K\u00e4mpfern werden und gemeinsam auf Rache sinnen.[\/vc_column_text][\/vc_column_inner][vc_column_inner width=&#8220;1\/2&#8243;][vc_column_text]<strong>Leistung<\/strong><br \/>\nText, Komposition, Audioproduktion<br \/>\nProduktion: Stadtrundfahrt.com GmbH<\/p>\n<p><strong>Das Lied &#8222;Ich zeig dir meine Stadt&#8220;<\/strong> ist im Rahmen des H\u00f6rspiel-Projektes &#8222;Sydneys Kinderstadtrundfahrt in Dresden&#8220;\u00a0f\u00fcr die Stadtrundfahrt.com GmbH entstanden.<\/p>\n<p><strong>K\u00e4nguru Sydney<\/strong> nimmt die Kids im Doppeldecker-Bus mit auf &#8222;Drachenjagd durch Dresden&#8220;. W\u00e4hrend die Eltern dem Erwachsenenkanal lauschen k\u00f6nnen, erleben die Kinder eine interaktive, lustige und informative Reise durch die Stadt.[\/vc_column_text][\/vc_column_inner][\/vc_row_inner][vc_row_inner equal_height=&#8220;yes&#8220; css=&#8220;.vc_custom_1566324693479{border-radius: 5px !important;}&#8220;][vc_column_inner width=&#8220;1\/2&#8243;][lab_heading title_tag=&#8220;H4&#8243; title=&#8220;Der Harz ist unser&#8220;][\/lab_heading][vc_column_text]<\/p>\n<table style=\"border-collapse: collapse; width: 100%;\">\n<tbody>\n<tr>\n<td style=\"width: 50%;\">Text<\/td>\n<td style=\"width: 50%;\">Michael Manthey<\/td>\n<\/tr>\n<tr>\n<td style=\"width: 50%;\">Melodie<\/td>\n<td style=\"width: 50%;\">Conny Kanik<\/td>\n<\/tr>\n<tr>\n<td style=\"width: 50%;\">Arrangement<\/td>\n<td style=\"width: 50%;\">C. Kanik &amp; Harzsch\u00fctzen-Band<\/td>\n<\/tr>\n<tr>\n<td style=\"width: 50%;\">Gesang<\/td>\n<td style=\"width: 50%;\">Harzsch\u00fctzen-Ensemble<\/td>\n<\/tr>\n<\/tbody>\n<\/table>\n<span class=\"image-placeholder video\" style=\"padding-bottom:18.75000000%\"><audio controls class=\"video-js-el vjs-default-skin wp-audio-shortcode\" src muted=\"false\" preload=\"auto\" style=\"width: 100%;\" data-vsetup=\"[]\" width=\"16\" height=\"3\"><source type=\"audio\/mpeg\" src=\"https:\/\/www.abenteuerfabrik.de\/wp-content\/uploads\/sites\/17\/Der-Harz-ist-unser-Harzsch\u00fctzen.mp3?_=4\" \/><\/audio><\/span>\n<p>[\/vc_column_text][\/vc_column_inner][vc_column_inner width=&#8220;1\/2&#8243;][vc_hoverbox image=&#8220;4331&#8243; primary_title=&#8220;&#8220; primary_align=&#8220;left&#8220; hover_title=&#8220;Titelsong der Harzsch\u00fctzen&#8220; hover_align=&#8220;left&#8220; align=&#8220;left&#8220; css_animation=&#8220;bounceIn&#8220;]<\/p>\n<p style=\"text-align: left;\">Das Musical sorgte im Innenhof des Stollberger Schlosses f\u00fcr Begeisterungsst\u00fcrme. Zahlreiche Bewohner des Ortes \u00fcbernahmen Statistenrollen.<\/p>\n<p style=\"text-align: left;\">Ein tolles Projekt, welches uns riesig Spa\u00df gemacht hat!<\/p>\n<p style=\"text-align: left;\">Harzsch\u00fctzen-CD im <a href=\"http:\/\/shop.manthey-event.de\/product_info.php?info=p8_promo-cd--die-harzschuetzen-.html\" target=\"_blank\" rel=\"noopener noreferrer\">Shop der Manthey Event GmbH<\/a> erh\u00e4ltlich.<\/p>\n<p style=\"text-align: left;\"><em>Foto Vorderseite: Schuhmann \/ Mitteldeutsche Zeitung<\/em><\/p>\n<p>[\/vc_hoverbox][\/vc_column_inner][\/vc_row_inner][\/vc_column][vc_column][\/vc_column][\/vc_row][vc_row][vc_column][lab_heading title=&#8220;Noch mehr Kindermusik&#8220;][\/lab_heading][vc_row_inner][vc_column_inner width=&#8220;1\/3&#8243;][vc_video link=&#8220;https:\/\/youtu.be\/3eGQaY4B4-Q&#8220;][\/vc_column_inner][vc_column_inner width=&#8220;1\/3&#8243;][vc_video link=&#8220;https:\/\/youtu.be\/KbsRO8rC-3w&#8220;][\/vc_column_inner][vc_column_inner width=&#8220;1\/3&#8243;][vc_video link=&#8220;https:\/\/youtu.be\/RilUDlEeSsg&#8220;][\/vc_column_inner][\/vc_row_inner][lab_heading title=&#8220;Noch mehr Musik f\u00fcr Gro\u00dfe&#8220;][\/lab_heading][vc_row_inner][vc_column_inner width=&#8220;1\/3&#8243;][vc_video link=&#8220;https:\/\/youtu.be\/Pi_0lZPqaLw&#8220;][\/vc_column_inner][vc_column_inner width=&#8220;1\/3&#8243;][vc_video link=&#8220;https:\/\/youtu.be\/mfE0KXJDVWU&#8220;][\/vc_column_inner][vc_column_inner width=&#8220;1\/3&#8243;][vc_video link=&#8220;https:\/\/youtu.be\/tVitBVVRvK0&#8243;][\/vc_column_inner][\/vc_row_inner][\/vc_column][\/vc_row][\/vc_section][vc_row][vc_column][vc_btn title=&#8220;Zur\u00fcck zur Startseite&#8220; color=&#8220;pink&#8220; link=&#8220;url:http%3A%2F%2Fwww.3zwanzig.de%2Fabenteuerfabrik%2F|title:Home||&#8220;][\/vc_column][\/vc_row]<\/p>\n<\/div>","protected":false},"excerpt":{"rendered":"<p>[vc_section][vc_row][vc_column][vc_row_inner][vc_column_inner width=&#8220;1\/2&#8243;][lab_heading title=&#8220;Auftragskomposition&#8220;][\/lab_heading][vc_column_text] Jukebox * W\u00fcnsch dir was In der Abenteuerfabrik sind bereits \u00fcber 300 Lieder f\u00fcr Kinder und Erwachsene entstanden. Wir haben unterschiedlichste Musikrichtungen im Repertoire, z.B. Musical, Singer\/Songwriter und Pop\/Rock (dt.\/engl.). Wir texten und komponieren oder erwecken Ihren vorgegebenen Text zum musikalischen Leben.\u00a0 Musik macht gl\u00fccklich. Musik pr\u00e4gt und ber\u00fchrt, fasziniert und verbindet.&hellip;<\/p>\n","protected":false},"author":1,"featured_media":0,"parent":0,"menu_order":0,"comment_status":"closed","ping_status":"closed","template":"","meta":{"footnotes":""},"class_list":["post-3798","page","type-page","status-publish","hentry"],"_links":{"self":[{"href":"https:\/\/www.3zwanzig.de\/abenteuerfabrik\/wp-json\/wp\/v2\/pages\/3798","targetHints":{"allow":["GET"]}}],"collection":[{"href":"https:\/\/www.3zwanzig.de\/abenteuerfabrik\/wp-json\/wp\/v2\/pages"}],"about":[{"href":"https:\/\/www.3zwanzig.de\/abenteuerfabrik\/wp-json\/wp\/v2\/types\/page"}],"author":[{"embeddable":true,"href":"https:\/\/www.3zwanzig.de\/abenteuerfabrik\/wp-json\/wp\/v2\/users\/1"}],"replies":[{"embeddable":true,"href":"https:\/\/www.3zwanzig.de\/abenteuerfabrik\/wp-json\/wp\/v2\/comments?post=3798"}],"version-history":[{"count":68,"href":"https:\/\/www.3zwanzig.de\/abenteuerfabrik\/wp-json\/wp\/v2\/pages\/3798\/revisions"}],"predecessor-version":[{"id":4435,"href":"https:\/\/www.3zwanzig.de\/abenteuerfabrik\/wp-json\/wp\/v2\/pages\/3798\/revisions\/4435"}],"wp:attachment":[{"href":"https:\/\/www.3zwanzig.de\/abenteuerfabrik\/wp-json\/wp\/v2\/media?parent=3798"}],"curies":[{"name":"wp","href":"https:\/\/api.w.org\/{rel}","templated":true}]}}